{"id":2068,"date":"2024-03-07T12:43:52","date_gmt":"2024-03-07T11:43:52","guid":{"rendered":"https:\/\/www.fotografie-moerke.de\/site\/?page_id=2068"},"modified":"2025-02-26T11:55:45","modified_gmt":"2025-02-26T10:55:45","slug":"kindergartenfotos","status":"publish","type":"page","link":"https:\/\/www.fotografie-moerke.de\/site\/fotografie\/kindergartenfotos\/","title":{"rendered":"Kindergartenfotos"},"content":{"rendered":"\t\t<div data-elementor-type=\"wp-page\" data-elementor-id=\"2068\" class=\"elementor elementor-2068\" data-elementor-post-type=\"page\">\n\t\t\t\t\t\t<section class=\"elementor-section elementor-top-section elementor-element elementor-element-b816491 elementor-section-full_width elementor-section-stretched elementor-section-height-default elementor-section-height-default\" data-id=\"b816491\" data-element_type=\"section\" data-settings=\"{&quot;stretch_section&quot;:&quot;section-stretched&quot;}\">\n\t\t\t\t\t\t<div class=\"elementor-container elementor-column-gap-default\">\n\t\t\t\t\t<div class=\"elementor-column elementor-col-100 elementor-top-column elementor-element elementor-element-530adf1\" data-id=\"530adf1\" data-element_type=\"column\">\n\t\t\t<div class=\"elementor-widget-wrap elementor-element-populated\">\n\t\t\t\t\t\t<div class=\"elementor-element elementor-element-96b6f07 elementor-widget elementor-widget-image\" data-id=\"96b6f07\" data-element_type=\"widget\" data-widget_type=\"image.default\">\n\t\t\t\t<div class=\"elementor-widget-container\">\n\t\t\t\t\t\t\t\t\t\t\t\t\t<img fetchpriority=\"high\" decoding=\"async\" width=\"1536\" height=\"531\" src=\"https:\/\/www.fotografie-moerke.de\/site\/wp-content\/uploads\/2024\/03\/Kita-Produkte_klein-1536x531.jpg\" class=\"attachment-1536x1536 size-1536x1536 wp-image-2109\" alt=\"\" srcset=\"https:\/\/www.fotografie-moerke.de\/site\/wp-content\/uploads\/2024\/03\/Kita-Produkte_klein-1536x531.jpg 1536w, https:\/\/www.fotografie-moerke.de\/site\/wp-content\/uploads\/2024\/03\/Kita-Produkte_klein-300x104.jpg 300w, https:\/\/www.fotografie-moerke.de\/site\/wp-content\/uploads\/2024\/03\/Kita-Produkte_klein-1024x354.jpg 1024w, https:\/\/www.fotografie-moerke.de\/site\/wp-content\/uploads\/2024\/03\/Kita-Produkte_klein-768x266.jpg 768w, https:\/\/www.fotografie-moerke.de\/site\/wp-content\/uploads\/2024\/03\/Kita-Produkte_klein-2048x708.jpg 2048w, https:\/\/www.fotografie-moerke.de\/site\/wp-content\/uploads\/2024\/03\/Kita-Produkte_klein-350x121.jpg 350w\" sizes=\"100vw\" \/>\t\t\t\t\t\t\t\t\t\t\t\t\t<\/div>\n\t\t\t\t<\/div>\n\t\t\t\t\t<\/div>\n\t\t<\/div>\n\t\t\t\t\t<\/div>\n\t\t<\/section>\n\t\t\t\t<section class=\"elementor-section elementor-top-section elementor-element elementor-element-2f7d634 elementor-section-full_width elementor-section-stretched elementor-section-height-default elementor-section-height-default\" data-id=\"2f7d634\" data-element_type=\"section\" data-settings=\"{&quot;stretch_section&quot;:&quot;section-stretched&quot;}\">\n\t\t\t\t\t\t<div class=\"elementor-container elementor-column-gap-default\">\n\t\t\t\t\t<div class=\"elementor-column elementor-col-100 elementor-top-column elementor-element elementor-element-871df72\" data-id=\"871df72\" data-element_type=\"column\">\n\t\t\t<div class=\"elementor-widget-wrap elementor-element-populated\">\n\t\t\t\t\t\t<section class=\"elementor-section elementor-inner-section elementor-element elementor-element-288a50d elementor-section-boxed elementor-section-height-default elementor-section-height-default\" data-id=\"288a50d\" data-element_type=\"section\">\n\t\t\t\t\t\t<div class=\"elementor-container elementor-column-gap-default\">\n\t\t\t\t\t<div class=\"elementor-column elementor-col-50 elementor-inner-column elementor-element elementor-element-6ffafb0\" data-id=\"6ffafb0\" data-element_type=\"column\">\n\t\t\t<div class=\"elementor-widget-wrap elementor-element-populated\">\n\t\t\t\t\t\t<div class=\"elementor-element elementor-element-b9f7e3b elementor-widget elementor-widget-gallery\" data-id=\"b9f7e3b\" data-element_type=\"widget\" data-settings=\"{&quot;columns&quot;:3,&quot;aspect_ratio&quot;:&quot;9:16&quot;,&quot;columns_mobile&quot;:3,&quot;columns_tablet&quot;:3,&quot;lazyload&quot;:&quot;yes&quot;,&quot;gallery_layout&quot;:&quot;grid&quot;,&quot;gap&quot;:{&quot;unit&quot;:&quot;px&quot;,&quot;size&quot;:10,&quot;sizes&quot;:[]},&quot;gap_tablet&quot;:{&quot;unit&quot;:&quot;px&quot;,&quot;size&quot;:10,&quot;sizes&quot;:[]},&quot;gap_mobile&quot;:{&quot;unit&quot;:&quot;px&quot;,&quot;size&quot;:10,&quot;sizes&quot;:[]},&quot;link_to&quot;:&quot;file&quot;,&quot;overlay_background&quot;:&quot;yes&quot;,&quot;content_hover_animation&quot;:&quot;fade-in&quot;}\" data-widget_type=\"gallery.default\">\n\t\t\t\t<div class=\"elementor-widget-container\">\n\t\t\t\t\t<div class=\"elementor-gallery__container\">\n\t\t\t\t\t\t\t<a class=\"e-gallery-item elementor-gallery-item elementor-animated-content\" href=\"https:\/\/www.fotografie-moerke.de\/site\/wp-content\/uploads\/2024\/03\/Kita_009.jpg\" data-elementor-open-lightbox=\"yes\" data-elementor-lightbox-slideshow=\"b9f7e3b\" data-elementor-lightbox-title=\"Kita_009\" data-e-action-hash=\"#elementor-action%3Aaction%3Dlightbox%26settings%3DeyJpZCI6MjA3MiwidXJsIjoiaHR0cHM6XC9cL3d3dy5mb3RvZ3JhZmllLW1vZXJrZS5kZVwvc2l0ZVwvd3AtY29udGVudFwvdXBsb2Fkc1wvMjAyNFwvMDNcL0tpdGFfMDA5LmpwZyIsInNsaWRlc2hvdyI6ImI5ZjdlM2IifQ%3D%3D\">\n\t\t\t\t\t<div class=\"e-gallery-image elementor-gallery-item__image\" data-thumbnail=\"https:\/\/www.fotografie-moerke.de\/site\/wp-content\/uploads\/2024\/03\/Kita_009.jpg\" data-width=\"525\" data-height=\"726\" aria-label=\"\" role=\"img\" ><\/div>\n\t\t\t\t\t\t\t\t\t\t\t<div class=\"elementor-gallery-item__overlay\"><\/div>\n\t\t\t\t\t\t\t\t\t\t\t\t\t\t<\/a>\n\t\t\t\t\t\t\t<a class=\"e-gallery-item elementor-gallery-item elementor-animated-content\" href=\"https:\/\/www.fotografie-moerke.de\/site\/wp-content\/uploads\/2024\/03\/Kita_008.jpg\" data-elementor-open-lightbox=\"yes\" data-elementor-lightbox-slideshow=\"b9f7e3b\" data-elementor-lightbox-title=\"Kita_008\" data-e-action-hash=\"#elementor-action%3Aaction%3Dlightbox%26settings%3DeyJpZCI6MjA3MSwidXJsIjoiaHR0cHM6XC9cL3d3dy5mb3RvZ3JhZmllLW1vZXJrZS5kZVwvc2l0ZVwvd3AtY29udGVudFwvdXBsb2Fkc1wvMjAyNFwvMDNcL0tpdGFfMDA4LmpwZyIsInNsaWRlc2hvdyI6ImI5ZjdlM2IifQ%3D%3D\">\n\t\t\t\t\t<div class=\"e-gallery-image elementor-gallery-item__image\" data-thumbnail=\"https:\/\/www.fotografie-moerke.de\/site\/wp-content\/uploads\/2024\/03\/Kita_008.jpg\" data-width=\"525\" data-height=\"726\" aria-label=\"\" role=\"img\" ><\/div>\n\t\t\t\t\t\t\t\t\t\t\t<div class=\"elementor-gallery-item__overlay\"><\/div>\n\t\t\t\t\t\t\t\t\t\t\t\t\t\t<\/a>\n\t\t\t\t\t\t\t<a class=\"e-gallery-item elementor-gallery-item elementor-animated-content\" href=\"https:\/\/www.fotografie-moerke.de\/site\/wp-content\/uploads\/2024\/03\/Kita_007.jpg\" data-elementor-open-lightbox=\"yes\" data-elementor-lightbox-slideshow=\"b9f7e3b\" data-elementor-lightbox-title=\"Kita_007\" data-e-action-hash=\"#elementor-action%3Aaction%3Dlightbox%26settings%3DeyJpZCI6MjA3MCwidXJsIjoiaHR0cHM6XC9cL3d3dy5mb3RvZ3JhZmllLW1vZXJrZS5kZVwvc2l0ZVwvd3AtY29udGVudFwvdXBsb2Fkc1wvMjAyNFwvMDNcL0tpdGFfMDA3LmpwZyIsInNsaWRlc2hvdyI6ImI5ZjdlM2IifQ%3D%3D\">\n\t\t\t\t\t<div class=\"e-gallery-image elementor-gallery-item__image\" data-thumbnail=\"https:\/\/www.fotografie-moerke.de\/site\/wp-content\/uploads\/2024\/03\/Kita_007.jpg\" data-width=\"525\" data-height=\"726\" aria-label=\"\" role=\"img\" ><\/div>\n\t\t\t\t\t\t\t\t\t\t\t<div class=\"elementor-gallery-item__overlay\"><\/div>\n\t\t\t\t\t\t\t\t\t\t\t\t\t\t<\/a>\n\t\t\t\t\t<\/div>\n\t\t\t<\/div>\n\t\t\t\t<\/div>\n\t\t\t\t\t<\/div>\n\t\t<\/div>\n\t\t\t\t<div class=\"elementor-column elementor-col-50 elementor-inner-column elementor-element elementor-element-8649bb0\" data-id=\"8649bb0\" data-element_type=\"column\">\n\t\t\t<div class=\"elementor-widget-wrap elementor-element-populated\">\n\t\t\t\t\t\t<div class=\"elementor-element elementor-element-b8c2fb2 elementor-widget__width-initial elementor-widget elementor-widget-text-editor\" data-id=\"b8c2fb2\" data-element_type=\"widget\" data-widget_type=\"text-editor.default\">\n\t\t\t\t<div class=\"elementor-widget-container\">\n\t\t\t\t\t\t\t<p>Kita-Fotos, die \u00fcberzeugen:\u00a0<\/p><ul><li>zwanglose Fotografie im Freien<\/li><li>Kinder, die Spa\u00df am Fotografieren bekommen<\/li><li>ausgearbeitete und retuschierte Aufnahmen<\/li><li>attraktive Mappen<\/li><li>M\u00f6glichkeit f\u00fcr Familienaufnahmen nachmittags<\/li><li>hochwertige Produkte<\/li><li>umfassender Service<\/li><\/ul><p>\u00a0<\/p><p>Meldet euch gern bei Fragen: 05201 &#8211; 3524<\/p>\t\t\t\t\t\t<\/div>\n\t\t\t\t<\/div>\n\t\t\t\t\t<\/div>\n\t\t<\/div>\n\t\t\t\t\t<\/div>\n\t\t<\/section>\n\t\t\t\t\t<\/div>\n\t\t<\/div>\n\t\t\t\t\t<\/div>\n\t\t<\/section>\n\t\t\t\t<\/div>\n\t\t","protected":false},"excerpt":{"rendered":"<p>Kita-Fotos, die \u00fcberzeugen:\u00a0 zwanglose Fotografie im Freien Kinder, die Spa\u00df am Fotografieren bekommen ausgearbeitete und retuschierte Aufnahmen attraktive Mappen M\u00f6glichkeit f\u00fcr Familienaufnahmen nachmittags hochwertige Produkte umfassender Service \u00a0 Meldet euch gern bei Fragen: 05201 &#8211; 3524<\/p>\n","protected":false},"author":1,"featured_media":0,"parent":74,"menu_order":25,"comment_status":"closed","ping_status":"closed","template":"","meta":{"footnotes":""},"class_list":["post-2068","page","type-page","status-publish","hentry"],"yoast_head":"<!-- This site is optimized with the Yoast SEO plugin v25.6 - https:\/\/yoast.com\/wordpress\/plugins\/seo\/ -->\n<title>Kindergartenfotos - Fotografie M\u00f6rke<\/title>\n<meta name=\"description\" content=\"Ungezwungene Kinderfotos in eurer Kita! Wir fotografieren eure Kinder im Freien, bieten euch einen prima Service, saubere Retusche und tolle Produkte!\" \/>\n<meta name=\"robots\" content=\"index, follow, max-snippet:-1, max-image-preview:large, max-video-preview:-1\" \/>\n<link rel=\"canonical\" href=\"https:\/\/www.fotografie-moerke.de\/site\/fotografie\/kindergartenfotos\/\" \/>\n<meta property=\"og:locale\" content=\"de_DE\" \/>\n<meta property=\"og:type\" content=\"article\" \/>\n<meta property=\"og:title\" content=\"Kindergartenfotos - Fotografie M\u00f6rke\" \/>\n<meta property=\"og:description\" content=\"Ungezwungene Kinderfotos in eurer Kita! Wir fotografieren eure Kinder im Freien, bieten euch einen prima Service, saubere Retusche und tolle Produkte!\" \/>\n<meta property=\"og:url\" content=\"https:\/\/www.fotografie-moerke.de\/site\/fotografie\/kindergartenfotos\/\" \/>\n<meta property=\"og:site_name\" content=\"Fotografie M\u00f6rke\" \/>\n<meta property=\"article:publisher\" content=\"https:\/\/www.facebook.com\/fotografiemoerke\" \/>\n<meta property=\"article:modified_time\" content=\"2025-02-26T10:55:45+00:00\" \/>\n<meta property=\"og:image\" content=\"https:\/\/www.fotografie-moerke.de\/site\/wp-content\/uploads\/2024\/03\/Kita-Produkte_klein-scaled.jpg\" \/>\n\t<meta property=\"og:image:width\" content=\"2560\" \/>\n\t<meta property=\"og:image:height\" content=\"886\" \/>\n\t<meta property=\"og:image:type\" content=\"image\/jpeg\" \/>\n<meta name=\"twitter:card\" content=\"summary_large_image\" \/>\n<meta name=\"twitter:label1\" content=\"Gesch\u00e4tzte Lesezeit\" \/>\n\t<meta name=\"twitter:data1\" content=\"1\u00a0Minute\" \/>\n<script type=\"application\/ld+json\" class=\"yoast-schema-graph\">{\"@context\":\"https:\/\/schema.org\",\"@graph\":[{\"@type\":\"WebPage\",\"@id\":\"https:\/\/www.fotografie-moerke.de\/site\/fotografie\/kindergartenfotos\/\",\"url\":\"https:\/\/www.fotografie-moerke.de\/site\/fotografie\/kindergartenfotos\/\",\"name\":\"Kindergartenfotos - Fotografie M\u00f6rke\",\"isPartOf\":{\"@id\":\"https:\/\/www.fotografie-moerke.de\/site\/#website\"},\"primaryImageOfPage\":{\"@id\":\"https:\/\/www.fotografie-moerke.de\/site\/fotografie\/kindergartenfotos\/#primaryimage\"},\"image\":{\"@id\":\"https:\/\/www.fotografie-moerke.de\/site\/fotografie\/kindergartenfotos\/#primaryimage\"},\"thumbnailUrl\":\"https:\/\/www.fotografie-moerke.de\/site\/wp-content\/uploads\/2024\/03\/Kita-Produkte_klein-1536x531.jpg\",\"datePublished\":\"2024-03-07T11:43:52+00:00\",\"dateModified\":\"2025-02-26T10:55:45+00:00\",\"description\":\"Ungezwungene Kinderfotos in eurer Kita! Wir fotografieren eure Kinder im Freien, bieten euch einen prima Service, saubere Retusche und tolle Produkte!\",\"breadcrumb\":{\"@id\":\"https:\/\/www.fotografie-moerke.de\/site\/fotografie\/kindergartenfotos\/#breadcrumb\"},\"inLanguage\":\"de\",\"potentialAction\":[{\"@type\":\"ReadAction\",\"target\":[\"https:\/\/www.fotografie-moerke.de\/site\/fotografie\/kindergartenfotos\/\"]}]},{\"@type\":\"ImageObject\",\"inLanguage\":\"de\",\"@id\":\"https:\/\/www.fotografie-moerke.de\/site\/fotografie\/kindergartenfotos\/#primaryimage\",\"url\":\"https:\/\/www.fotografie-moerke.de\/site\/wp-content\/uploads\/2024\/03\/Kita-Produkte_klein-scaled.jpg\",\"contentUrl\":\"https:\/\/www.fotografie-moerke.de\/site\/wp-content\/uploads\/2024\/03\/Kita-Produkte_klein-scaled.jpg\",\"width\":2560,\"height\":886},{\"@type\":\"BreadcrumbList\",\"@id\":\"https:\/\/www.fotografie-moerke.de\/site\/fotografie\/kindergartenfotos\/#breadcrumb\",\"itemListElement\":[{\"@type\":\"ListItem\",\"position\":1,\"name\":\"Startseite\",\"item\":\"https:\/\/www.fotografie-moerke.de\/site\/\"},{\"@type\":\"ListItem\",\"position\":2,\"name\":\"Fotografie\",\"item\":\"https:\/\/www.fotografie-moerke.de\/site\/fotografie\/\"},{\"@type\":\"ListItem\",\"position\":3,\"name\":\"Kindergartenfotos\"}]},{\"@type\":\"WebSite\",\"@id\":\"https:\/\/www.fotografie-moerke.de\/site\/#website\",\"url\":\"https:\/\/www.fotografie-moerke.de\/site\/\",\"name\":\"Fotografie M\u00f6rke\",\"description\":\"Immer besonders.\",\"publisher\":{\"@id\":\"https:\/\/www.fotografie-moerke.de\/site\/#organization\"},\"potentialAction\":[{\"@type\":\"SearchAction\",\"target\":{\"@type\":\"EntryPoint\",\"urlTemplate\":\"https:\/\/www.fotografie-moerke.de\/site\/?s={search_term_string}\"},\"query-input\":{\"@type\":\"PropertyValueSpecification\",\"valueRequired\":true,\"valueName\":\"search_term_string\"}}],\"inLanguage\":\"de\"},{\"@type\":\"Organization\",\"@id\":\"https:\/\/www.fotografie-moerke.de\/site\/#organization\",\"name\":\"Fotografie M\u00f6rke\",\"url\":\"https:\/\/www.fotografie-moerke.de\/site\/\",\"logo\":{\"@type\":\"ImageObject\",\"inLanguage\":\"de\",\"@id\":\"https:\/\/www.fotografie-moerke.de\/site\/#\/schema\/logo\/image\/\",\"url\":\"https:\/\/www.fotografie-moerke.de\/site\/wp-content\/uploads\/2017\/02\/Logo.jpg\",\"contentUrl\":\"https:\/\/www.fotografie-moerke.de\/site\/wp-content\/uploads\/2017\/02\/Logo.jpg\",\"width\":3508,\"height\":1156,\"caption\":\"Fotografie M\u00f6rke\"},\"image\":{\"@id\":\"https:\/\/www.fotografie-moerke.de\/site\/#\/schema\/logo\/image\/\"},\"sameAs\":[\"https:\/\/www.facebook.com\/fotografiemoerke\"]}]}<\/script>\n<!-- \/ Yoast SEO plugin. -->","yoast_head_json":{"title":"Kindergartenfotos - Fotografie M\u00f6rke","description":"Ungezwungene Kinderfotos in eurer Kita! Wir fotografieren eure Kinder im Freien, bieten euch einen prima Service, saubere Retusche und tolle Produkte!","robots":{"index":"index","follow":"follow","max-snippet":"max-snippet:-1","max-image-preview":"max-image-preview:large","max-video-preview":"max-video-preview:-1"},"canonical":"https:\/\/www.fotografie-moerke.de\/site\/fotografie\/kindergartenfotos\/","og_locale":"de_DE","og_type":"article","og_title":"Kindergartenfotos - Fotografie M\u00f6rke","og_description":"Ungezwungene Kinderfotos in eurer Kita! Wir fotografieren eure Kinder im Freien, bieten euch einen prima Service, saubere Retusche und tolle Produkte!","og_url":"https:\/\/www.fotografie-moerke.de\/site\/fotografie\/kindergartenfotos\/","og_site_name":"Fotografie M\u00f6rke","article_publisher":"https:\/\/www.facebook.com\/fotografiemoerke","article_modified_time":"2025-02-26T10:55:45+00:00","og_image":[{"width":2560,"height":886,"url":"https:\/\/www.fotografie-moerke.de\/site\/wp-content\/uploads\/2024\/03\/Kita-Produkte_klein-scaled.jpg","type":"image\/jpeg"}],"twitter_card":"summary_large_image","twitter_misc":{"Gesch\u00e4tzte Lesezeit":"1\u00a0Minute"},"schema":{"@context":"https:\/\/schema.org","@graph":[{"@type":"WebPage","@id":"https:\/\/www.fotografie-moerke.de\/site\/fotografie\/kindergartenfotos\/","url":"https:\/\/www.fotografie-moerke.de\/site\/fotografie\/kindergartenfotos\/","name":"Kindergartenfotos - Fotografie M\u00f6rke","isPartOf":{"@id":"https:\/\/www.fotografie-moerke.de\/site\/#website"},"primaryImageOfPage":{"@id":"https:\/\/www.fotografie-moerke.de\/site\/fotografie\/kindergartenfotos\/#primaryimage"},"image":{"@id":"https:\/\/www.fotografie-moerke.de\/site\/fotografie\/kindergartenfotos\/#primaryimage"},"thumbnailUrl":"https:\/\/www.fotografie-moerke.de\/site\/wp-content\/uploads\/2024\/03\/Kita-Produkte_klein-1536x531.jpg","datePublished":"2024-03-07T11:43:52+00:00","dateModified":"2025-02-26T10:55:45+00:00","description":"Ungezwungene Kinderfotos in eurer Kita! Wir fotografieren eure Kinder im Freien, bieten euch einen prima Service, saubere Retusche und tolle Produkte!","breadcrumb":{"@id":"https:\/\/www.fotografie-moerke.de\/site\/fotografie\/kindergartenfotos\/#breadcrumb"},"inLanguage":"de","potentialAction":[{"@type":"ReadAction","target":["https:\/\/www.fotografie-moerke.de\/site\/fotografie\/kindergartenfotos\/"]}]},{"@type":"ImageObject","inLanguage":"de","@id":"https:\/\/www.fotografie-moerke.de\/site\/fotografie\/kindergartenfotos\/#primaryimage","url":"https:\/\/www.fotografie-moerke.de\/site\/wp-content\/uploads\/2024\/03\/Kita-Produkte_klein-scaled.jpg","contentUrl":"https:\/\/www.fotografie-moerke.de\/site\/wp-content\/uploads\/2024\/03\/Kita-Produkte_klein-scaled.jpg","width":2560,"height":886},{"@type":"BreadcrumbList","@id":"https:\/\/www.fotografie-moerke.de\/site\/fotografie\/kindergartenfotos\/#breadcrumb","itemListElement":[{"@type":"ListItem","position":1,"name":"Startseite","item":"https:\/\/www.fotografie-moerke.de\/site\/"},{"@type":"ListItem","position":2,"name":"Fotografie","item":"https:\/\/www.fotografie-moerke.de\/site\/fotografie\/"},{"@type":"ListItem","position":3,"name":"Kindergartenfotos"}]},{"@type":"WebSite","@id":"https:\/\/www.fotografie-moerke.de\/site\/#website","url":"https:\/\/www.fotografie-moerke.de\/site\/","name":"Fotografie M\u00f6rke","description":"Immer besonders.","publisher":{"@id":"https:\/\/www.fotografie-moerke.de\/site\/#organization"},"potentialAction":[{"@type":"SearchAction","target":{"@type":"EntryPoint","urlTemplate":"https:\/\/www.fotografie-moerke.de\/site\/?s={search_term_string}"},"query-input":{"@type":"PropertyValueSpecification","valueRequired":true,"valueName":"search_term_string"}}],"inLanguage":"de"},{"@type":"Organization","@id":"https:\/\/www.fotografie-moerke.de\/site\/#organization","name":"Fotografie M\u00f6rke","url":"https:\/\/www.fotografie-moerke.de\/site\/","logo":{"@type":"ImageObject","inLanguage":"de","@id":"https:\/\/www.fotografie-moerke.de\/site\/#\/schema\/logo\/image\/","url":"https:\/\/www.fotografie-moerke.de\/site\/wp-content\/uploads\/2017\/02\/Logo.jpg","contentUrl":"https:\/\/www.fotografie-moerke.de\/site\/wp-content\/uploads\/2017\/02\/Logo.jpg","width":3508,"height":1156,"caption":"Fotografie M\u00f6rke"},"image":{"@id":"https:\/\/www.fotografie-moerke.de\/site\/#\/schema\/logo\/image\/"},"sameAs":["https:\/\/www.facebook.com\/fotografiemoerke"]}]}},"_links":{"self":[{"href":"https:\/\/www.fotografie-moerke.de\/site\/wp-json\/wp\/v2\/pages\/2068"}],"collection":[{"href":"https:\/\/www.fotografie-moerke.de\/site\/wp-json\/wp\/v2\/pages"}],"about":[{"href":"https:\/\/www.fotografie-moerke.de\/site\/wp-json\/wp\/v2\/types\/page"}],"author":[{"embeddable":true,"href":"https:\/\/www.fotografie-moerke.de\/site\/wp-json\/wp\/v2\/users\/1"}],"replies":[{"embeddable":true,"href":"https:\/\/www.fotografie-moerke.de\/site\/wp-json\/wp\/v2\/comments?post=2068"}],"version-history":[{"count":40,"href":"https:\/\/www.fotografie-moerke.de\/site\/wp-json\/wp\/v2\/pages\/2068\/revisions"}],"predecessor-version":[{"id":2212,"href":"https:\/\/www.fotografie-moerke.de\/site\/wp-json\/wp\/v2\/pages\/2068\/revisions\/2212"}],"up":[{"embeddable":true,"href":"https:\/\/www.fotografie-moerke.de\/site\/wp-json\/wp\/v2\/pages\/74"}],"wp:attachment":[{"href":"https:\/\/www.fotografie-moerke.de\/site\/wp-json\/wp\/v2\/media?parent=2068"}],"curies":[{"name":"wp","href":"https:\/\/api.w.org\/{rel}","templated":true}]}}